{"id":642,"date":"2013-05-08T19:08:38","date_gmt":"2013-05-08T23:08:38","guid":{"rendered":"http:\/\/aleksandarpetrovic.org\/france\/?page_id=642"},"modified":"2025-11-04T18:03:07","modified_gmt":"2025-11-04T23:03:07","slug":"ouvrages-sur-aleksandar-petrovic","status":"publish","type":"page","link":"https:\/\/aleksandarpetrovic.org\/fr\/oeuvres-ecrites\/ouvrages-sur-aleksandar-petrovic\/","title":{"rendered":"Ouvrages sur Aleksandar Petrovi\u0107"},"content":{"rendered":"\n<p><b>Depuis 1949 jusqu&rsquo;\u00e0 la fin de sa vie il a \u00e9crit pour de nombreux journaux et revues <\/b>sp\u00e9cialis\u00e9es, aussi bien yougoslaves que mondiaux. D&rsquo;innombrable interviews, textes et articles sur Aleksandar Petrovi\u0107 sont parus dans la presse. Durant des ann\u00e9es <b>il fut critique de cin\u00e9ma, essayiste et journaliste<\/b>. Il est l\u2019auteur&nbsp;de centaines d\u2019articles sur le cin\u00e9ma et la th\u00e9orie cin\u00e9matographique. Vers la fin&nbsp;de&nbsp;sa vie Aleksandar Petrovi\u0107 \u00e9crit aussi des articles sur la politique et s&rsquo;engage activement pour la d\u00e9mocratie.<\/p>\n\n\n\n<p>\u00a0L\u2019Ab\u00e9c\u00e9daire du 7<sup>\u00e8me<\/sup> art d\u2019Aleksandar Petrovi\u0107 est un important recueil de ses essais et textes th\u00e9oriques, critiques et autobiographiques. Dans la pr\u00e9face de \u00abAleksandar Petrovi\u0107 \u2013 vivre dans son temps\u00bb, \u017darko Dragojevi\u0107 \u00e9crit : \u00ab Ce livre, compos\u00e9 d\u2019essais et textes th\u00e9oriques, critiques et autobiographiques d\u2019une sommit\u00e9 dans le monde de la cr\u00e9ation d\u2019aujourd\u2019hui, un ma\u00eetre incontest\u00e9 du cin\u00e9ma serbe, l\u2019auteur Aleksandar Petrovi\u0107, est plus qu\u2019un recueil de textes. En plus d\u2019\u00eatre un portrait d\u2019une \u00e9poque, ce livre est le cadre de l\u2019autoportrait de son auteur, Aleksandar Petrovi\u0107, d\u00e9peint \u00e0 l\u2019aide de multiples valeurs \u00e0 travers lesquelles nous appara\u00eet l\u2019immensit\u00e9 de son esprit, tout comme les contradictions psychologiques de l\u2019\u00e2me artistique, qui ont accompagn\u00e9 la vie et le travail d\u2019une grande et sinc\u00e8re personnalit\u00e9 artistique.<\/p>\n\n\n\n<figure class=\"wp-block-table\"><table class=\"has-fixed-layout\"><tbody><tr><td><figure><a href=\"https:\/\/aleksandarpetrovic.org\/wp-content\/uploads\/2013\/05\/sedmi-azbucnik.png\"><img decoding=\"async\" class=\"alignnone\" src=\"https:\/\/aleksandarpetrovic.org\/wp-content\/uploads\/2013\/05\/sedmi-azbucnik.png\" alt=\"sedmi azbucnik\" width=\"120\" height=\"170\"><\/a><\/figure><\/td><td><h2>7e&nbsp;art Azbu\u010dnik<br>Aleksandra Petrovi\u0107a<br>\u010casopis YU film danas<\/h2>(7e art Ab\u00e9c\u00e9daire d&rsquo;Aleksandar Petrovi\u0107 La revue YU film d&rsquo;aujourd&rsquo;hui)<br>Editeur: <strong>YU FILM DANAS<\/strong><br>R\u00e9dacteur: Stevan Frani\u0107<br>Ann\u00e9e d&rsquo;\u00e9dition: 2011<\/td><\/tr><\/tbody><\/table><\/figure>\n\n\n\n<p>&nbsp;<\/p>\n\n\n\n<figure class=\"wp-block-table\"><table class=\"has-fixed-layout\"><tbody><tr><td><h2 style=\"text-align: center;\">Ouvrages publi\u00e9s:(non traduits en fran\u00e7ais)<\/h2><\/td><\/tr><\/tbody><\/table><\/figure>\n\n\n\n<p>&nbsp;<\/p>\n\n\n\n<p>Petar Volk:<\/p>\n\n\n\n<h2 class=\"wp-block-heading\">Entre ciel et marais<\/h2>\n\n\n\n<h4 class=\"wp-block-heading\"><em><strong>Aleksandar Petrovi\u0107 \u2013 sa vie, son \u0153uvre et ses films<\/strong><\/em><\/h4>\n\n\n\n<p>Le titre de l\u2019ouvrage r\u00e9sume son contenu.<\/p>\n\n\n\n<p>&nbsp;<\/p>\n\n\n\n<figure class=\"wp-block-table\"><table class=\"has-fixed-layout\"><tbody><tr><td><figure><a href=\"https:\/\/aleksandarpetrovic.org\/wp-content\/uploads\/2013\/05\/let-nad-mocvarom.png\"><img fetchpriority=\"high\" decoding=\"async\" class=\"size-medium wp-image-656 alignnone\" src=\"https:\/\/aleksandarpetrovic.org\/wp-content\/uploads\/2013\/05\/let-nad-mocvarom-189x300.png\" alt=\"let nad mocvarom\" width=\"180\" height=\"286\" srcset=\"https:\/\/aleksandarpetrovic.org\/wp-content\/uploads\/2013\/05\/let-nad-mocvarom-189x300.png 189w, https:\/\/aleksandarpetrovic.org\/wp-content\/uploads\/2013\/05\/let-nad-mocvarom.png 505w\" sizes=\"(max-width: 180px) 100vw, 180px\" \/><\/a><\/figure> <figure><a href=\"https:\/\/aleksandarpetrovic.org\/wp-content\/uploads\/2013\/05\/let-nad-mocvarom2.png\"><img decoding=\"async\" class=\"size-medium wp-image-657 alignnone\" src=\"https:\/\/aleksandarpetrovic.org\/wp-content\/uploads\/2013\/05\/let-nad-mocvarom2-192x300.png\" alt=\"let nad mocvarom2\" width=\"180\" height=\"282\" srcset=\"https:\/\/aleksandarpetrovic.org\/wp-content\/uploads\/2013\/05\/let-nad-mocvarom2-192x300.png 192w, https:\/\/aleksandarpetrovic.org\/wp-content\/uploads\/2013\/05\/let-nad-mocvarom2.png 513w\" sizes=\"(max-width: 180px) 100vw, 180px\" \/><\/a><\/figure><\/td><td><h2 style=\"text-align: center;\">Let nad mo\u010dvaromAleksandar Petrovi\u0107 svojim \u017eivotom, delom i filmovima<\/h2><p>Auteur: <strong>Petar Volk<\/strong> <\/p><br><p>Editeur:<br><br><br><\/p><ul><li>INSTITUT ZA FILM, Beograd<\/li><br><li>PROMETEJ, Novi Sad&nbsp;<\/li><\/ul><br>Edition : Poetike\/ Etike (knjiga 2)<br>Ann\u00e9e d&rsquo;\u00e9dition: 1999<br>ISBN 86-7227-031-2<br>ISBN 86-7639-462-8<\/td><\/tr><\/tbody><\/table><\/figure>\n\n\n\n<p>Boro Dra\u0161kovi\u0107, cin\u00e9aste, r\u00e9alisateur de cin\u00e9ma et de th\u00e9atre, coll\u00e8gue et ami d\u2019Aleksandar Petrovi\u0107, a suivi avec int\u00e9r\u00eat durant des ann\u00e9es le projet \u00ab Migrations \u00bb. Ce projet s\u2019est transform\u00e9 en film \u00abMigrations\u00bb.<br>Il a quotidiennement film\u00e9 le tournage et ses entretiens avec Petrovi\u0107.\u00a0 C&rsquo;est devenu \u00abUn film sur le film\u00bb, film documentaire, hommage au travail du grand r\u00e9alisateur.<br>Le livre de Dra\u0161kovi\u0107, \u00ab Un film sur le film \u00bb est une oeuvre pr\u00e9cieuse qui r\u00e9v\u00e8le Aleksandar Petrovi\u0107 plus sinc\u00e8rement et authentiquement qu\u2019une biographie. Dra\u0161kovi\u0107, \u00e0 travers le travail du cr\u00e9ateur du film, a r\u00e9ussi \u00e0 percer les pens\u00e9es les plus intimes de Petrovi\u0107, toucher les th\u00e8mes essentiels, r\u00e9veiller les souvenirs anciens.<\/p>\n\n\n\n<figure class=\"wp-block-table\"><table class=\"has-fixed-layout\"><tbody><tr><td><figure><a href=\"https:\/\/aleksandarpetrovic.org\/wp-content\/uploads\/2013\/05\/film-o-filmu.png\"><img loading=\"lazy\" decoding=\"async\" class=\"aligncenter size-full wp-image-658\" src=\"https:\/\/aleksandarpetrovic.org\/wp-content\/uploads\/2013\/05\/film-o-filmu.png\" alt=\"film o filmu\" width=\"120\" height=\"174\"><\/a><\/figure><\/td><td>\n<h2 style=\"text-align: center;\">Film o filmu<\/h2>\n<h2 style=\"text-align: center;\">(Un film sur le film)<\/h2>\n<p>Auteur: <strong>Boro Dra\u0161kovi\u0107<\/strong><br>Edition: <strong>PROMETEJ<\/strong>, Novi Sad<br>Ann\u00e9e d&rsquo;\u00e9dition: 2010<br>ISBN 978-86-515-0551-8<\/p>\n<\/td><\/tr><\/tbody><\/table><\/figure>\n\n\n\n<p>&nbsp;<\/p>\n\n\n\n<p>Recueil exceptionnel de documents \u00e9crits par Aleksandar&nbsp;Petrovi\u0107 sur le cin\u00e9ma.<\/p>\n\n\n\n<p>&nbsp;<\/p>\n\n\n\n<figure class=\"wp-block-table\"><table class=\"has-fixed-layout\"><tbody><tr><td><figure><a href=\"https:\/\/aleksandarpetrovic.org\/wp-content\/uploads\/2013\/05\/aleksandar-sasa-petrovic.png\"><img loading=\"lazy\" decoding=\"async\" class=\"size-full wp-image-660 aligncenter\" src=\"https:\/\/aleksandarpetrovic.org\/wp-content\/uploads\/2013\/05\/aleksandar-sasa-petrovic.png\" alt=\"aleksandar sasa petrovic\" width=\"120\" height=\"172\"><\/a><\/figure><\/td><td>\n<h2 style=\"text-align: center;\"><span style=\"line-height: 19px;\">Velikani filmske re\u017eije<\/span><\/h2>\n<h2 style=\"text-align: center;\"><span style=\"line-height: 19px;\">(Les grands de la mise en&nbsp;<\/span><span style=\"line-height: 19px;\">sc\u00e8ne)<\/span><\/h2>\n<h2 style=\"text-align: center;\">Aleksandar Sa\u0161a Petrovi\u0107<\/h2>\n<p><strong>Filmolo\u0161ki zbornik (recueil&nbsp;cin\u00e9matographique)<\/strong><\/p>\n<p>Auteur du recueil: <strong>Radoslav Lazi\u0107<\/strong><br>Auteur des textes: Aleksandar Petrovi\u0107<br>Edition: <strong>PROMETEJ<\/strong>, Novi Sad<br>Ann\u00e9e d&rsquo;\u00e9dition: 2010<br>ISBN 978-86-84283-27-8<\/p>\n<\/td><\/tr><\/tbody><\/table><\/figure>\n\n\n\n<p>&nbsp;<\/p>\n\n\n\n<figure class=\"wp-block-table\"><table class=\"has-fixed-layout\"><tbody><tr><td><figure><a href=\"https:\/\/aleksandarpetrovic.org\/wp-content\/uploads\/2013\/05\/revija-prizor.png\"><img loading=\"lazy\" decoding=\"async\" class=\"size-medium wp-image-661 alignnone\" src=\"https:\/\/aleksandarpetrovic.org\/wp-content\/uploads\/2013\/05\/revija-prizor-220x300.png\" alt=\"revija prizor\" width=\"180\" height=\"246\" srcset=\"https:\/\/aleksandarpetrovic.org\/wp-content\/uploads\/2013\/05\/revija-prizor-220x300.png 220w, https:\/\/aleksandarpetrovic.org\/wp-content\/uploads\/2013\/05\/revija-prizor.png 467w\" sizes=\"(max-width: 180px) 100vw, 180px\" \/><\/a><\/figure><\/td><td>\n<h2 style=\"text-align: center;\">Revija Prizor<\/h2>\n<h2 style=\"text-align: center;\">(revue Prizor)<\/h2>\n<h4 style=\"text-align: center;\">n\u00b0 2<\/h4>\n<p><strong>Num\u00e9ro de la revue consacr\u00e9 \u00e0 Aleksandar Petrovi\u0107.<\/strong><br>R\u00e9dacteur en chef: <strong>Sne\u017eana Ne\u0161kovi\u0107 Simi\u0107<\/strong><\/p>\n<p>Fondateur et \u00e9diteur: <strong>CENTAR ZA KULTURU \u00abVUK KARADZI\u0106\u00bb, LOZNICA<\/strong><br>Ann\u00e9e d&rsquo;\u00e9dition: 2003 (parution annuelle)<br>ISSN 1451-2041<\/p>\n<\/td><\/tr><\/tbody><\/table><\/figure>\n\n\n\n<p>&nbsp;<\/p>\n\n\n\n<h2 class=\"wp-block-heading\">Rhapsodie du n\u00e9ant<br>VUES D\u2019ALEKSANDAR PETROVI\u0106<\/h2>\n\n\n\n<figure class=\"wp-block-table\"><table class=\"has-fixed-layout\"><tbody><tr><td><figure><a href=\"https:\/\/aleksandarpetrovic.org\/wp-content\/uploads\/2013\/05\/rapsodija-nistavila.png\"><img loading=\"lazy\" decoding=\"async\" class=\"size-full wp-image-662 alignnone\" src=\"https:\/\/aleksandarpetrovic.org\/wp-content\/uploads\/2013\/05\/rapsodija-nistavila.png\" alt=\"rapsodija nistavila\" width=\"180\" height=\"255\"><\/a><\/figure><\/td><td>\n<h2 style=\"text-align: center;\"><span style=\"line-height: 19px;\">Rapsodija ni\u0161tavila&nbsp;<\/span><\/h2>\n<h4 style=\"text-align: center;\"><span style=\"line-height: 19px;\">OGLEDI O ALEKSANDRU PETROVI\u0106U<\/span><\/h4>\n<p>Auteur: <strong>Dra\u0161ko Re\u0111ep<\/strong><br>Edition: <strong>PROMETEJ<\/strong>, Novi Sad<br>Biblioth\u00e8que : Tajanstvena ta\u010dka<br>Ann\u00e9e d&rsquo;\u00e9dition: 2001<br>ISBN 86-7639-778-3<\/p>\n<\/td><\/tr><\/tbody><\/table><\/figure>\n\n\n\n<p>&nbsp;<\/p>\n\n\n\n<h2 class=\"wp-block-heading\">Un portrait de l\u2019artiste en tant que dissident&nbsp;politique<\/h2>\n\n\n\n<h4 class=\"wp-block-heading\"><strong>La vie et l\u2019\u0153uvre d\u2019Aleksandar Petrovi\u0107<\/strong><\/h4>\n\n\n\n<p>Travail tr\u00e8s bien document\u00e9 sous forme d\u2019\u00e9tude de la carri\u00e8re<b>&nbsp;<\/b><span style=\"text-align: justify;\">mouvement\u00e9e du cin\u00e9aste yougoslave. Un portrait de l\u2019artiste en tant que&nbsp;<\/span><span style=\"text-align: justify;\">dissident politique explore la mani\u00e8re dont Petrovic a d\u00e9velopp\u00e9 les&nbsp;<\/span><span style=\"text-align: justify;\">th\u00e8mes politiques et sociaux dans ses films en r\u00e9ponse aux al\u00e9as&nbsp;<\/span><span style=\"text-align: justify;\">politiques de son temps, ces vues anti-dogmatiques sont par la suite&nbsp;<\/span><span style=\"text-align: justify;\">devenues une signature de son \u0153uvre.<\/span><\/p>\n\n\n\n<figure class=\"wp-block-table\"><table class=\"has-fixed-layout\"><tbody><tr><td><figure><a href=\"https:\/\/aleksandarpetrovic.org\/wp-content\/uploads\/2013\/05\/portret-umetnika.png\"><img loading=\"lazy\" decoding=\"async\" class=\"size-medium wp-image-664 alignnone\" src=\"https:\/\/aleksandarpetrovic.org\/wp-content\/uploads\/2013\/05\/portret-umetnika-222x300.png\" alt=\"portret umetnika\" width=\"180\" height=\"245\"><\/a><\/figure><\/td><td>\n<h4 style=\"text-align: center;\">The life and work of Aleksandar Petrovi\u0107<\/h4>\n<h2 style=\"text-align: center;\">A portrait of the artist&nbsp;as a political dissident<\/h2>\n<p>Auteur: <strong>Vlastimir Sudar<\/strong><br>Editeu : <strong>INTELLECT<\/strong>, Bristol<br><strong>INTELLECT<\/strong>, Chicago<br>Ann\u00e9e d&rsquo;\u00e9dition: 2013<br>ISBN 978-1-84150-545-8<\/p>\n<\/td><\/tr><\/tbody><\/table><\/figure>\n\n\n\n<p>&nbsp;<\/p>\n\n\n\n<p>&nbsp;<\/p>\n\n\n\n<figure class=\"wp-block-table\"><table class=\"has-fixed-layout\"><tbody><tr><td>\n<h3 style=\"text-align: center;\">Quelques contributions sur le cin\u00e9ma d&rsquo;Aleksandar Petrovi\u0107:<\/h3>\n<p style=\"text-align: center;\">(non traduits en fran\u00e7ais)<\/p>\n<\/td><\/tr><\/tbody><\/table><\/figure>\n\n\n\n<p>&nbsp;<\/p>\n\n\n\n<p>R\u00e9alisateur, monteur, professeur de montage \u00e0 l&rsquo;Acad\u00e9mie des arts dramatiques de Belgrade, Dr Marko Babac est auteur de plusieurs ouvrages sur le montage au cin\u00e9ma. Dans ses livres, comme il le dit lui-m\u00eame, il cite \u00ab\u00a0avec respect et amour de nombreux exemples de langage po\u00e9tique des films de Sacha\u00a0\u00bb.<\/p>\n\n\n\n<figure class=\"wp-block-table\"><table class=\"has-fixed-layout\"><tbody><tr><td><figure><a href=\"https:\/\/aleksandarpetrovic.org\/wp-content\/uploads\/2013\/05\/jezik-montaze.png\"><img loading=\"lazy\" decoding=\"async\" class=\"aligncenter\" src=\"https:\/\/aleksandarpetrovic.org\/wp-content\/uploads\/2013\/05\/jezik-montaze.png\" alt=\"jezik montaze\" width=\"120\" height=\"168\"><\/a><\/figure>&nbsp;<\/td><td>\n<h2 style=\"text-align: center;\"><b>Jezik monta\u017ee pokretnih slika<\/b><\/h2>\n<h2 style=\"text-align: center;\">(Le langage du montage des images en mouvement)<\/h2>\n<p>Autor: <strong>Marko Babac<\/strong><br>Izdava\u010d: <b>Clio, <\/b>Beograd<\/p>\n<p><b>Univerzitet umetnosti, <\/b>Novi Sad<\/p>\n<p>Godina izdanja: 2008<br>CIP 791.44.02(075.8); ID=81188108<\/p>\n<\/td><\/tr><\/tbody><\/table><\/figure>\n\n\n\n<p>&nbsp;<\/p>\n\n\n\n<figure class=\"wp-block-table\"><table class=\"has-fixed-layout\"><tbody><tr><td><figure><a href=\"https:\/\/aleksandarpetrovic.org\/wp-content\/uploads\/2013\/05\/snoliki-film.png\"><img loading=\"lazy\" decoding=\"async\" class=\"aligncenter\" src=\"https:\/\/aleksandarpetrovic.org\/wp-content\/uploads\/2013\/05\/snoliki-film.png\" alt=\"snoliki film\" width=\"120\" height=\"167\"><\/a><\/figure><\/td><td>\n<h2 style=\"text-align: center;\">Snoliki film<\/h2>\n<h2 style=\"text-align: center;\">(Film onirique)<\/h2>\n<p>Autor: <strong>Marko Babac<\/strong><br>Izdava\u010d: <strong>INSTITUT ZA<\/strong> <strong>FILM, <\/strong>Beograd<br>Godina izdanja: 2004<br>YU ISBN 86-7227-042-8<\/p>\n<\/td><\/tr><\/tbody><\/table><\/figure>\n\n\n\n<p>&nbsp;<\/p>\n\n\n\n<figure class=\"wp-block-table\"><table class=\"has-fixed-layout\"><tbody><tr><td><figure><a href=\"https:\/\/aleksandarpetrovic.org\/wp-content\/uploads\/2013\/05\/iza-montaze.png\"><img loading=\"lazy\" decoding=\"async\" class=\"aligncenter size-full wp-image-2258\" src=\"https:\/\/aleksandarpetrovic.org\/wp-content\/uploads\/2013\/05\/iza-montaze.png\" alt=\"iza montaze\" width=\"120\" height=\"169\"><\/a><\/figure><\/td><td>\n<h2 style=\"text-align: center;\">Iza monta\u017ee<\/h2>\n<h2 style=\"text-align: center;\">(Derri\u00e8re le montage)<\/h2>\n<p>Autor: <strong>Marko Babac<\/strong><br>Izdava\u010d: <strong>MEGATREND UNIVERZITET,<\/strong><b> <\/b>Beograd<br>Godina izdanja: 2009<br>ISBN 978-86-7747-358-7<\/p>\n<\/td><\/tr><\/tbody><\/table><\/figure>\n\n\n\n<p>&nbsp;<\/p>\n\n\n\n<figure class=\"wp-block-table\"><table class=\"has-fixed-layout\"><tbody><tr><td>&nbsp;<\/td><td>\n<h2 style=\"text-align: center;\" align=\"center\"><b>Prostor-vreme filma<\/b><\/h2>\n<h2 style=\"text-align: center;\">(Espace-temps dans le cin\u00e9ma)<\/h2>\n<p>Autor: <b>Marko Babac<\/b><br>Izdava\u010d: <strong>AKADEMIJA UMETNOSTI<\/strong><strong><b>, <\/b>Novi Sad<\/strong><br>Godina izdanja: 2013 (u pripremi)<br>ISBN<\/p>\n<\/td><\/tr><\/tbody><\/table><\/figure>\n\n\n\n<p>&nbsp;<\/p>\n\n\n\n<figure class=\"wp-block-table\"><table class=\"has-fixed-layout\"><tbody><tr><td><figure><a href=\"https:\/\/aleksandarpetrovic.org\/wp-content\/uploads\/2013\/05\/crni-talas.png\" rel=\"shadowbox[sbpost-642];player=img;\"><img loading=\"lazy\" decoding=\"async\" class=\"aligncenter size-full wp-image-666\" src=\"https:\/\/aleksandarpetrovic.org\/wp-content\/uploads\/2013\/05\/crni-talas.png\" alt=\"crni talas\" width=\"120\" height=\"182\"><\/a><\/figure><\/td><td>\n<h2 style=\"text-align: center;\">Crni talas<\/h2>\n<p>Autor: <strong>Bogdan Tirnani\u0107<\/strong><br>Izdava\u010d: <strong>FILMSKI CENTAR SRBIJE<\/strong><br>Godina izdanja: 2008<br>ISBN 978-86-7227-056-3<\/p>\n<p>&nbsp;<\/p>\n<\/td><\/tr><\/tbody><\/table><\/figure>\n\n\n\n<p>&nbsp;<\/p>\n\n\n\n<figure class=\"wp-block-table\"><table class=\"has-fixed-layout\"><tbody><tr><td><figure><a href=\"https:\/\/aleksandarpetrovic.org\/wp-content\/uploads\/2013\/05\/crno-u-koloru.png\" rel=\"shadowbox[sbpost-642];player=img;\"><img loading=\"lazy\" decoding=\"async\" class=\"aligncenter size-full wp-image-667\" src=\"https:\/\/aleksandarpetrovic.org\/wp-content\/uploads\/2013\/05\/crno-u-koloru.png\" alt=\"crno u koloru\" width=\"120\" height=\"171\"><\/a><\/figure><\/td><td>\n<h2 style=\"text-align: center;\">Crno u koloru<\/h2>\n<p>Autor: <strong>Sr\u0111an Vu\u010dini\u0107<\/strong><br>Izdava\u010d: <strong>JP SLUZBENI GLASNIK<\/strong><br>Godina izdanja: 2010<br>ISBN 978-86-519-0556-1<\/p>\n<p>&nbsp;<\/p>\n<\/td><\/tr><\/tbody><\/table><\/figure>\n\n\n\n<p>&nbsp;<\/p>\n\n\n\n<figure class=\"wp-block-table\"><table class=\"has-fixed-layout\"><tbody><tr><td><figure><a href=\"https:\/\/aleksandarpetrovic.org\/wp-content\/uploads\/2013\/05\/radjanje-kentaura.png\" rel=\"shadowbox[sbpost-642];player=img;\"><img loading=\"lazy\" decoding=\"async\" class=\"aligncenter size-full wp-image-668\" src=\"https:\/\/aleksandarpetrovic.org\/wp-content\/uploads\/2013\/05\/radjanje-kentaura.png\" alt=\"radjanje kentaura\" width=\"120\" height=\"203\"><\/a><\/figure><\/td><td>\n<h2 style=\"text-align: center;\"><span style=\"line-height: 19px;\">Ra\u0111anje kentaura<\/span><\/h2>\n<p style=\"text-align: left;\">Autor: <strong>Sr\u0111an Vu\u010dini\u0107<\/strong><br>Izdava\u010d: ARHIPELAG<br>Godina izdanja: 2009<br>ISBN 978-86-86933-49-2<\/p>\n<\/td><\/tr><\/tbody><\/table><\/figure>\n\n\n\n<p>&nbsp;<\/p>\n\n\n\n<figure class=\"wp-block-table\"><table class=\"has-fixed-layout\"><tbody><tr><td><figure><a href=\"https:\/\/aleksandarpetrovic.org\/wp-content\/uploads\/2013\/05\/filmska-slika.png\" rel=\"shadowbox[sbpost-642];player=img;\"><img loading=\"lazy\" decoding=\"async\" class=\"aligncenter size-full wp-image-669\" src=\"https:\/\/aleksandarpetrovic.org\/wp-content\/uploads\/2013\/05\/filmska-slika.png\" alt=\"filmska slika\" width=\"120\" height=\"168\"><\/a><\/figure><\/td><td>\n<h2 style=\"text-align: center;\">Filmska slika i stvarnost<\/h2>\n<p>Autor: <strong>Ranko Muniti\u0107<\/strong><br>Izdava\u010d: <strong>FILMSKI CENTAR SRBIJE<\/strong><br>Godina izdanja: 2009<br>ISBN 978-86-7227-061-7<\/p>\n<\/td><\/tr><\/tbody><\/table><\/figure>\n\n\n\n<p>&nbsp;<\/p>\n\n\n\n<p>Doktorska disertacija Greg Dekjura, dvojezi\u010dna (na srpskom i engleskom jeziku).<\/p>\n\n\n\n<p>&nbsp;<\/p>\n\n\n\n<figure class=\"wp-block-table\"><table class=\"has-fixed-layout\"><tbody><tr><td><figure><a href=\"https:\/\/aleksandarpetrovic.org\/wp-content\/uploads\/2013\/05\/jugoslovenski-crni-talas.png\" rel=\"shadowbox[sbpost-642];player=img;\"><img loading=\"lazy\" decoding=\"async\" class=\"aligncenter size-full wp-image-670\" src=\"https:\/\/aleksandarpetrovic.org\/wp-content\/uploads\/2013\/05\/jugoslovenski-crni-talas.png\" alt=\"jugoslovenski crni talas\" width=\"120\" height=\"172\"><\/a><\/figure><\/td><td>\n<h2 style=\"text-align: center;\"><span style=\"line-height: 19px;\">Jugoslovenski crni talas (La vague <\/span>noire yougoslave)<\/h2>\n<p style=\"text-align: center;\"><em id=\"__mceDel\" style=\"line-height: 19px;\">POLEMICKI FILM OD1963. DO 1972. U SOCIJALISTICKOJ FEDERATIVNOJ REPUBLICI JUGOSLAVIJI<\/em><\/p>\n<p><em id=\"__mceDel\"><br><\/em>Autor: <strong>Greg DeCuir<\/strong><br>Izdava\u010d: <strong>FILMSKI CENTAR SRBIJE<\/strong><br>Godina izdanja: 2011<br>ISBN 978-86-7227-069-3<\/p>\n<\/td><\/tr><\/tbody><\/table><\/figure>\n","protected":false},"excerpt":{"rendered":"<p>Depuis 1949 jusqu&rsquo;\u00e0 la fin de sa vie il a \u00e9crit pour de nombreux journaux et revues sp\u00e9cialis\u00e9es, aussi bien yougoslaves que mondiaux. D&rsquo;innombrable interviews, textes et articles sur Aleksandar Petrovi\u0107 sont parus dans la presse. Durant des ann\u00e9es il fut critique de cin\u00e9ma, essayiste et journaliste. Il est l\u2019auteur&nbsp;de centaines d\u2019articles sur le cin\u00e9ma [&hellip;]<\/p>\n","protected":false},"author":1,"featured_media":0,"parent":635,"menu_order":0,"comment_status":"closed","ping_status":"closed","template":"","meta":{"footnotes":""},"class_list":["post-642","page","type-page","status-publish","hentry"],"yoast_head":"<!-- This site is optimized with the Yoast SEO plugin v26.3 - https:\/\/yoast.com\/wordpress\/plugins\/seo\/ -->\n<title>Ouvrages sur Aleksandar Petrovi\u0107 - Aleksandar Petrovic<\/title>\n<meta name=\"robots\" content=\"index, follow, max-snippet:-1, max-image-preview:large, max-video-preview:-1\" \/>\n<link rel=\"canonical\" href=\"https:\/\/aleksandarpetrovic.org\/fr\/oeuvres-ecrites\/ouvrages-sur-aleksandar-petrovic\/\" \/>\n<meta property=\"og:locale\" content=\"fr_FR\" \/>\n<meta property=\"og:type\" content=\"article\" \/>\n<meta property=\"og:title\" content=\"Ouvrages sur Aleksandar Petrovi\u0107 - Aleksandar Petrovic\" \/>\n<meta property=\"og:description\" content=\"Depuis 1949 jusqu&rsquo;\u00e0 la fin de sa vie il a \u00e9crit pour de nombreux journaux et revues sp\u00e9cialis\u00e9es, aussi bien yougoslaves que mondiaux. D&rsquo;innombrable interviews, textes et articles sur Aleksandar Petrovi\u0107 sont parus dans la presse. Durant des ann\u00e9es il fut critique de cin\u00e9ma, essayiste et journaliste. Il est l\u2019auteur&nbsp;de centaines d\u2019articles sur le cin\u00e9ma [&hellip;]\" \/>\n<meta property=\"og:url\" content=\"https:\/\/aleksandarpetrovic.org\/fr\/oeuvres-ecrites\/ouvrages-sur-aleksandar-petrovic\/\" \/>\n<meta property=\"og:site_name\" content=\"Aleksandar Petrovic\" \/>\n<meta property=\"article:modified_time\" content=\"2025-11-04T23:03:07+00:00\" \/>\n<meta property=\"og:image\" content=\"https:\/\/aleksandarpetrovic.org\/wp-content\/uploads\/2013\/05\/sedmi-azbucnik.png\" \/>\n<meta name=\"twitter:card\" content=\"summary_large_image\" \/>\n<meta name=\"twitter:label1\" content=\"Dur\u00e9e de lecture estim\u00e9e\" \/>\n\t<meta name=\"twitter:data1\" content=\"8 minutes\" \/>\n<script type=\"application\/ld+json\" class=\"yoast-schema-graph\">{\"@context\":\"https:\/\/schema.org\",\"@graph\":[{\"@type\":\"WebPage\",\"@id\":\"https:\/\/aleksandarpetrovic.org\/fr\/oeuvres-ecrites\/ouvrages-sur-aleksandar-petrovic\/\",\"url\":\"https:\/\/aleksandarpetrovic.org\/fr\/oeuvres-ecrites\/ouvrages-sur-aleksandar-petrovic\/\",\"name\":\"Ouvrages sur Aleksandar Petrovi\u0107 - Aleksandar Petrovic\",\"isPartOf\":{\"@id\":\"https:\/\/aleksandarpetrovic.org\/#website\"},\"primaryImageOfPage\":{\"@id\":\"https:\/\/aleksandarpetrovic.org\/fr\/oeuvres-ecrites\/ouvrages-sur-aleksandar-petrovic\/#primaryimage\"},\"image\":{\"@id\":\"https:\/\/aleksandarpetrovic.org\/fr\/oeuvres-ecrites\/ouvrages-sur-aleksandar-petrovic\/#primaryimage\"},\"thumbnailUrl\":\"https:\/\/aleksandarpetrovic.org\/wp-content\/uploads\/2013\/05\/sedmi-azbucnik.png\",\"datePublished\":\"2013-05-08T23:08:38+00:00\",\"dateModified\":\"2025-11-04T23:03:07+00:00\",\"breadcrumb\":{\"@id\":\"https:\/\/aleksandarpetrovic.org\/fr\/oeuvres-ecrites\/ouvrages-sur-aleksandar-petrovic\/#breadcrumb\"},\"inLanguage\":\"fr-FR\",\"potentialAction\":[{\"@type\":\"ReadAction\",\"target\":[\"https:\/\/aleksandarpetrovic.org\/fr\/oeuvres-ecrites\/ouvrages-sur-aleksandar-petrovic\/\"]}]},{\"@type\":\"ImageObject\",\"inLanguage\":\"fr-FR\",\"@id\":\"https:\/\/aleksandarpetrovic.org\/fr\/oeuvres-ecrites\/ouvrages-sur-aleksandar-petrovic\/#primaryimage\",\"url\":\"https:\/\/aleksandarpetrovic.org\/wp-content\/uploads\/2013\/05\/sedmi-azbucnik.png\",\"contentUrl\":\"https:\/\/aleksandarpetrovic.org\/wp-content\/uploads\/2013\/05\/sedmi-azbucnik.png\"},{\"@type\":\"BreadcrumbList\",\"@id\":\"https:\/\/aleksandarpetrovic.org\/fr\/oeuvres-ecrites\/ouvrages-sur-aleksandar-petrovic\/#breadcrumb\",\"itemListElement\":[{\"@type\":\"ListItem\",\"position\":1,\"name\":\"Accueil\",\"item\":\"https:\/\/aleksandarpetrovic.org\/fr\/\"},{\"@type\":\"ListItem\",\"position\":2,\"name\":\"Oeuvres Ecrites\",\"item\":\"https:\/\/aleksandarpetrovic.org\/fr\/oeuvres-ecrites\/\"},{\"@type\":\"ListItem\",\"position\":3,\"name\":\"Ouvrages sur Aleksandar Petrovi\u0107\"}]},{\"@type\":\"WebSite\",\"@id\":\"https:\/\/aleksandarpetrovic.org\/#website\",\"url\":\"https:\/\/aleksandarpetrovic.org\/\",\"name\":\"Aleksandar Petrovic\",\"description\":\"R\u00e9alisateur (site officiel)\",\"potentialAction\":[{\"@type\":\"SearchAction\",\"target\":{\"@type\":\"EntryPoint\",\"urlTemplate\":\"https:\/\/aleksandarpetrovic.org\/?s={search_term_string}\"},\"query-input\":{\"@type\":\"PropertyValueSpecification\",\"valueRequired\":true,\"valueName\":\"search_term_string\"}}],\"inLanguage\":\"fr-FR\"}]}<\/script>\n<!-- \/ Yoast SEO plugin. -->","yoast_head_json":{"title":"Ouvrages sur Aleksandar Petrovi\u0107 - Aleksandar Petrovic","robots":{"index":"index","follow":"follow","max-snippet":"max-snippet:-1","max-image-preview":"max-image-preview:large","max-video-preview":"max-video-preview:-1"},"canonical":"https:\/\/aleksandarpetrovic.org\/fr\/oeuvres-ecrites\/ouvrages-sur-aleksandar-petrovic\/","og_locale":"fr_FR","og_type":"article","og_title":"Ouvrages sur Aleksandar Petrovi\u0107 - Aleksandar Petrovic","og_description":"Depuis 1949 jusqu&rsquo;\u00e0 la fin de sa vie il a \u00e9crit pour de nombreux journaux et revues sp\u00e9cialis\u00e9es, aussi bien yougoslaves que mondiaux. D&rsquo;innombrable interviews, textes et articles sur Aleksandar Petrovi\u0107 sont parus dans la presse. Durant des ann\u00e9es il fut critique de cin\u00e9ma, essayiste et journaliste. Il est l\u2019auteur&nbsp;de centaines d\u2019articles sur le cin\u00e9ma [&hellip;]","og_url":"https:\/\/aleksandarpetrovic.org\/fr\/oeuvres-ecrites\/ouvrages-sur-aleksandar-petrovic\/","og_site_name":"Aleksandar Petrovic","article_modified_time":"2025-11-04T23:03:07+00:00","og_image":[{"url":"https:\/\/aleksandarpetrovic.org\/wp-content\/uploads\/2013\/05\/sedmi-azbucnik.png","type":"","width":"","height":""}],"twitter_card":"summary_large_image","twitter_misc":{"Dur\u00e9e de lecture estim\u00e9e":"8 minutes"},"schema":{"@context":"https:\/\/schema.org","@graph":[{"@type":"WebPage","@id":"https:\/\/aleksandarpetrovic.org\/fr\/oeuvres-ecrites\/ouvrages-sur-aleksandar-petrovic\/","url":"https:\/\/aleksandarpetrovic.org\/fr\/oeuvres-ecrites\/ouvrages-sur-aleksandar-petrovic\/","name":"Ouvrages sur Aleksandar Petrovi\u0107 - Aleksandar Petrovic","isPartOf":{"@id":"https:\/\/aleksandarpetrovic.org\/#website"},"primaryImageOfPage":{"@id":"https:\/\/aleksandarpetrovic.org\/fr\/oeuvres-ecrites\/ouvrages-sur-aleksandar-petrovic\/#primaryimage"},"image":{"@id":"https:\/\/aleksandarpetrovic.org\/fr\/oeuvres-ecrites\/ouvrages-sur-aleksandar-petrovic\/#primaryimage"},"thumbnailUrl":"https:\/\/aleksandarpetrovic.org\/wp-content\/uploads\/2013\/05\/sedmi-azbucnik.png","datePublished":"2013-05-08T23:08:38+00:00","dateModified":"2025-11-04T23:03:07+00:00","breadcrumb":{"@id":"https:\/\/aleksandarpetrovic.org\/fr\/oeuvres-ecrites\/ouvrages-sur-aleksandar-petrovic\/#breadcrumb"},"inLanguage":"fr-FR","potentialAction":[{"@type":"ReadAction","target":["https:\/\/aleksandarpetrovic.org\/fr\/oeuvres-ecrites\/ouvrages-sur-aleksandar-petrovic\/"]}]},{"@type":"ImageObject","inLanguage":"fr-FR","@id":"https:\/\/aleksandarpetrovic.org\/fr\/oeuvres-ecrites\/ouvrages-sur-aleksandar-petrovic\/#primaryimage","url":"https:\/\/aleksandarpetrovic.org\/wp-content\/uploads\/2013\/05\/sedmi-azbucnik.png","contentUrl":"https:\/\/aleksandarpetrovic.org\/wp-content\/uploads\/2013\/05\/sedmi-azbucnik.png"},{"@type":"BreadcrumbList","@id":"https:\/\/aleksandarpetrovic.org\/fr\/oeuvres-ecrites\/ouvrages-sur-aleksandar-petrovic\/#breadcrumb","itemListElement":[{"@type":"ListItem","position":1,"name":"Accueil","item":"https:\/\/aleksandarpetrovic.org\/fr\/"},{"@type":"ListItem","position":2,"name":"Oeuvres Ecrites","item":"https:\/\/aleksandarpetrovic.org\/fr\/oeuvres-ecrites\/"},{"@type":"ListItem","position":3,"name":"Ouvrages sur Aleksandar Petrovi\u0107"}]},{"@type":"WebSite","@id":"https:\/\/aleksandarpetrovic.org\/#website","url":"https:\/\/aleksandarpetrovic.org\/","name":"Aleksandar Petrovic","description":"R\u00e9alisateur (site officiel)","potentialAction":[{"@type":"SearchAction","target":{"@type":"EntryPoint","urlTemplate":"https:\/\/aleksandarpetrovic.org\/?s={search_term_string}"},"query-input":{"@type":"PropertyValueSpecification","valueRequired":true,"valueName":"search_term_string"}}],"inLanguage":"fr-FR"}]}},"_links":{"self":[{"href":"https:\/\/aleksandarpetrovic.org\/fr\/wp-json\/wp\/v2\/pages\/642","targetHints":{"allow":["GET"]}}],"collection":[{"href":"https:\/\/aleksandarpetrovic.org\/fr\/wp-json\/wp\/v2\/pages"}],"about":[{"href":"https:\/\/aleksandarpetrovic.org\/fr\/wp-json\/wp\/v2\/types\/page"}],"author":[{"embeddable":true,"href":"https:\/\/aleksandarpetrovic.org\/fr\/wp-json\/wp\/v2\/users\/1"}],"replies":[{"embeddable":true,"href":"https:\/\/aleksandarpetrovic.org\/fr\/wp-json\/wp\/v2\/comments?post=642"}],"version-history":[{"count":7,"href":"https:\/\/aleksandarpetrovic.org\/fr\/wp-json\/wp\/v2\/pages\/642\/revisions"}],"predecessor-version":[{"id":5199,"href":"https:\/\/aleksandarpetrovic.org\/fr\/wp-json\/wp\/v2\/pages\/642\/revisions\/5199"}],"up":[{"embeddable":true,"href":"https:\/\/aleksandarpetrovic.org\/fr\/wp-json\/wp\/v2\/pages\/635"}],"wp:attachment":[{"href":"https:\/\/aleksandarpetrovic.org\/fr\/wp-json\/wp\/v2\/media?parent=642"}],"curies":[{"name":"wp","href":"https:\/\/api.w.org\/{rel}","templated":true}]}}